{"id":8769,"date":"2018-12-19T11:13:04","date_gmt":"2018-12-19T10:13:05","guid":{"rendered":"http:\/\/www.bokshop.lu.se\/?post_type=product&#038;p=8769"},"modified":"2018-12-19T11:13:05","modified_gmt":"2018-12-19T10:13:05","slug":"den-ofardiga-vetenskapen","status":"publish","type":"product","link":"https:\/\/www.bokshop.lu.se\/en\/produkt\/den-ofardiga-vetenskapen\/","title":{"rendered":"Den of\u00e4rdiga vetenskapen"},"content":{"rendered":"<p>En brist p\u00e5 konsensus i litteraturvetenskapen, g\u00e4llande s\u00e5v\u00e4l det litter\u00e4ra forskningsobjektets grundl\u00e4ggande egenskaper som vilka teorier och metoder f\u00f6r att studera detta objekt som \u00e4r mest giltiga, har varit p\u00e5taglig sedan 1960-talet. Det \u00e4r \u00e4ven allm\u00e4nt bekant att denna brist ligger till grund f\u00f6r vad som har kallats en epistemologisk \u2022\u009dkris\u2022\u009d inom \u00e4mnet.<\/p>\n<p>Isak Hylt\u00e9n-Cavallius avhandling, Den of\u00e4rdiga vetenskapen, unders\u00f6ker m\u00f6jligheten att betrakta den epistemologiska krisens inre mots\u00e4ttningar som ett produktivt villkor f\u00f6r en s\u00e4rpr\u00e4glad form av kunskap, vilken \u00e4r specifik f\u00f6r f\u00f6rst\u00e5elsen av m\u00e4nniskan och hennes objekt som stadda i vardande. F\u00f6r detta \u00e4ndam\u00e5l v\u00e4nder han sig till den kritiska hermeneutiken och fr\u00e4mst s\u00e5 som den kommer till uttryck i Paul Ricoeurs La M\u00e9taphore vive.<\/p>\n","protected":false},"excerpt":{"rendered":"<p>En brist p\u00e5 konsensus i litteraturvetenskapen, g\u00e4llande s\u00e5v\u00e4l det litter\u00e4ra forskningsobjektets grundl\u00e4ggande egenskaper som vilka teorier och metoder f\u00f6r att studera detta objekt som \u00e4r mest giltiga, har varit p\u00e5taglig sedan 1960-talet. Det \u00e4r \u00e4ven allm\u00e4nt bekant att denna brist ligger till grund f\u00f6r vad som har kallats en epistemologisk \u2022\u009dkris\u2022\u009d inom \u00e4mnet. Isak Hylt\u00e9n-Cavallius [&hellip;]<\/p>\n","protected":false},"featured_media":8771,"template":"","meta":{"_acf_changed":false,"_relevanssi_hide_post":"","_relevanssi_hide_content":"","_relevanssi_pin_for_all":"","_relevanssi_pin_keywords":"","_relevanssi_unpin_keywords":"","_relevanssi_related_keywords":"","_relevanssi_related_include_ids":"","_relevanssi_related_exclude_ids":"","_relevanssi_related_no_append":"","_relevanssi_related_not_related":"","_relevanssi_related_posts":"","_relevanssi_noindex_reason":""},"product_brand":[],"product_cat":[95],"product_tag":[],"class_list":{"0":"post-8769","1":"product","2":"type-product","3":"status-publish","4":"has-post-thumbnail","6":"product_cat-critica-litterarum-lundensis","8":"first","9":"instock","10":"taxable","11":"shipping-taxable","12":"purchasable","13":"product-type-simple"},"acf":[],"_links":{"self":[{"href":"https:\/\/www.bokshop.lu.se\/en\/wp-json\/wp\/v2\/product\/8769","targetHints":{"allow":["GET"]}}],"collection":[{"href":"https:\/\/www.bokshop.lu.se\/en\/wp-json\/wp\/v2\/product"}],"about":[{"href":"https:\/\/www.bokshop.lu.se\/en\/wp-json\/wp\/v2\/types\/product"}],"wp:featuredmedia":[{"embeddable":true,"href":"https:\/\/www.bokshop.lu.se\/en\/wp-json\/wp\/v2\/media\/8771"}],"wp:attachment":[{"href":"https:\/\/www.bokshop.lu.se\/en\/wp-json\/wp\/v2\/media?parent=8769"}],"wp:term":[{"taxonomy":"product_brand","embeddable":true,"href":"https:\/\/www.bokshop.lu.se\/en\/wp-json\/wp\/v2\/product_brand?post=8769"},{"taxonomy":"product_cat","embeddable":true,"href":"https:\/\/www.bokshop.lu.se\/en\/wp-json\/wp\/v2\/product_cat?post=8769"},{"taxonomy":"product_tag","embeddable":true,"href":"https:\/\/www.bokshop.lu.se\/en\/wp-json\/wp\/v2\/product_tag?post=8769"}],"curies":[{"name":"wp","href":"https:\/\/api.w.org\/{rel}","templated":true}]}}