{"id":8606,"date":"2018-06-25T11:58:00","date_gmt":"2018-06-25T09:57:01","guid":{"rendered":"http:\/\/bokshop.lu.se.webbhotell.ldc.lu.se\/?post_type=product&#038;p=8606"},"modified":"2022-08-31T09:20:46","modified_gmt":"2022-08-31T07:20:46","slug":"medicinska-fakulteten","status":"publish","type":"product","link":"https:\/\/www.bokshop.lu.se\/en\/produkt\/medicinska-fakulteten\/","title":{"rendered":"Medicinska fakulteten"},"content":{"rendered":"<p>Hur ber\u00e4ttar man 350 \u00e5r av medicinsk fakultetshistoria? Den fr\u00e5gan bildar utg\u00e5ngspunkt f\u00f6r jubileumsantologin Medicinska fakulteten \u2013 n\u00e5gra historiska nedslag. I sju kapitel lyfts personer och skeenden fram som p\u00e5 olika s\u00e4tt format verksamheten vid medicinska fakulteten, Lunds universitet. L\u00e4rare, forskare och studenter men ocks\u00e5 vetenskapliga r\u00f6n och h\u00e4ndelser i omv\u00e4rlden. Boken vill bidra till \u00f6kad f\u00f6rst\u00e5else f\u00f6r det f\u00f6rflutna samt ge inblick i hur l\u00e4nken mellan historia och samtid formar den verksamhet som bedrivs vid medicinska fakulteten idag. Ambitionen \u00e4r inte det helt\u00e4ckande utan det intressev\u00e4ckande, inte det detaljerade utan det inspirerande. M\u00e5lgruppen \u00e4r i f\u00f6rsta hand studenter och fakultetsanst\u00e4llda som \u00e4r nyfikna p\u00e5 den historia de sj\u00e4lva s\u00e5 sm\u00e5ningom kommer att bli en del av.<\/p>\n","protected":false},"excerpt":{"rendered":"<p>Hur ber\u00e4ttar man 350 \u00e5r av medicinsk fakultetshistoria? Den fr\u00e5gan bildar utg\u00e5ngspunkt f\u00f6r jubileumsantologin Medicinska fakulteten \u2013 n\u00e5gra historiska nedslag. I sju kapitel lyfts personer och skeenden fram som p\u00e5 olika s\u00e4tt format verksamheten vid medicinska fakulteten, Lunds universitet. L\u00e4rare, forskare och studenter men ocks\u00e5 vetenskapliga r\u00f6n och h\u00e4ndelser i omv\u00e4rlden. Boken vill bidra till [&hellip;]<\/p>\n","protected":false},"featured_media":10487,"template":"","meta":{"_acf_changed":false,"_relevanssi_hide_post":"","_relevanssi_hide_content":"","_relevanssi_pin_for_all":"","_relevanssi_pin_keywords":"","_relevanssi_unpin_keywords":"","_relevanssi_related_keywords":"","_relevanssi_related_include_ids":"","_relevanssi_related_exclude_ids":"","_relevanssi_related_no_append":"","_relevanssi_related_not_related":"","_relevanssi_related_posts":"","_relevanssi_noindex_reason":""},"product_brand":[],"product_cat":[377],"product_tag":[],"class_list":{"0":"post-8606","1":"product","2":"type-product","3":"status-publish","4":"has-post-thumbnail","6":"product_cat-medicine-other-books","8":"first","9":"instock","10":"taxable","11":"shipping-taxable","12":"purchasable","13":"product-type-simple"},"acf":[],"_links":{"self":[{"href":"https:\/\/www.bokshop.lu.se\/en\/wp-json\/wp\/v2\/product\/8606","targetHints":{"allow":["GET"]}}],"collection":[{"href":"https:\/\/www.bokshop.lu.se\/en\/wp-json\/wp\/v2\/product"}],"about":[{"href":"https:\/\/www.bokshop.lu.se\/en\/wp-json\/wp\/v2\/types\/product"}],"wp:featuredmedia":[{"embeddable":true,"href":"https:\/\/www.bokshop.lu.se\/en\/wp-json\/wp\/v2\/media\/10487"}],"wp:attachment":[{"href":"https:\/\/www.bokshop.lu.se\/en\/wp-json\/wp\/v2\/media?parent=8606"}],"wp:term":[{"taxonomy":"product_brand","embeddable":true,"href":"https:\/\/www.bokshop.lu.se\/en\/wp-json\/wp\/v2\/product_brand?post=8606"},{"taxonomy":"product_cat","embeddable":true,"href":"https:\/\/www.bokshop.lu.se\/en\/wp-json\/wp\/v2\/product_cat?post=8606"},{"taxonomy":"product_tag","embeddable":true,"href":"https:\/\/www.bokshop.lu.se\/en\/wp-json\/wp\/v2\/product_tag?post=8606"}],"curies":[{"name":"wp","href":"https:\/\/api.w.org\/{rel}","templated":true}]}}