{"id":8049,"date":"2018-03-19T12:51:15","date_gmt":"2017-09-01T07:19:50","guid":{"rendered":"http:\/\/bokshop.lu.se.webbhotell.ldc.lu.se\/?post_type=product&#038;p=8049&#038;lang=en"},"modified":"2019-02-25T11:07:51","modified_gmt":"2019-02-25T10:07:51","slug":"metateorier-och-forskning-om-informationsteknik","status":"publish","type":"product","link":"https:\/\/www.bokshop.lu.se\/en\/produkt\/metateorier-och-forskning-om-informationsteknik\/","title":{"rendered":"Metateorier och forskning om informationsteknik"},"content":{"rendered":"<p>Intran\u00e4t har sedan det s\u00e5 sm\u00e5tt b\u00f6rjade att introduceras \u00e5r 1995 i svenska f\u00f6retag och organisationer, efterhand kommit att bli en allt viktigare kommunikationskanal och ett naturligt arbetsverktyg. Det har d\u00e4rf\u00f6r uppst\u00e5tt ett stort behov av kunskap om relationen mellan intran\u00e4t och organisationer. Emellertid existerar det, mig veterligen, ingen samh\u00e4llsvetenskaplig forskning om intran\u00e4t. D\u00e4remot finns det en hel del forskning om informationsteknik, som d\u00e4rf\u00f6r m\u00e5ste utg\u00f6ra utg\u00e5ngspunkten f\u00f6r den som \u00e4r intresserad av att forska om intran\u00e4t.<br \/>\nDenna rapports f\u00f6rsta syfte \u00e4r ett f\u00f6rs\u00f6k att inventera forskningsomr\u00e5det informationsteknik i organisationer. Ett andra syfte \u00e4r att f\u00f6rklara vilka grundantaganden den traditionella IT-forskningen bygger p\u00e5. D\u00e4rf\u00f6r behandlas relativt ing\u00e5ende tv\u00e5 metateoretiska utg\u00e5ngspunkter: det modernistiska och det postmodernistiska syns\u00e4ttet. Majoriteten av den traditionella IT-forskningen baseras p\u00e5 ett modernistiskt syns\u00e4tt. Jag menar att det postmodernistiska syns\u00e4ttet kan bidra med en \u00f6kad reflektion \u00f6ver relationen mellan informationstekniken och organisationskontexter.<br \/>\nEtt tredje syfte \u00e4r att ge ett f\u00f6rslag p\u00e5 ett alternativt angreppss\u00e4tt f\u00f6r forskning om intran\u00e4t. Denna fokuserar p\u00e5 den sociala dimensionen, som ofta inte beaktas i modernistisk forskning om informationsteknik. Den sociala dimensionen inneb\u00e4r att forskaren beaktar hur m\u00e4nniskor t\u00e4nker, diskuterar och tolkar ett visst fenomen, och ger det en viss betydelse. Dessa betydelser utg\u00f6r sedan grunden f\u00f6r deras handlingar.<\/p>\n","protected":false},"excerpt":{"rendered":"<p>Intran\u00e4t har sedan det s\u00e5 sm\u00e5tt b\u00f6rjade att introduceras \u00e5r 1995 i svenska f\u00f6retag och organisationer, efterhand kommit att bli en allt viktigare kommunikationskanal och ett naturligt arbetsverktyg. Det har d\u00e4rf\u00f6r uppst\u00e5tt ett stort behov av kunskap om relationen mellan intran\u00e4t och organisationer. Emellertid existerar det, mig veterligen, ingen samh\u00e4llsvetenskaplig forskning om intran\u00e4t. D\u00e4remot finns [&hellip;]<\/p>\n","protected":false},"featured_media":8051,"template":"","meta":{"_acf_changed":false,"_relevanssi_hide_post":"","_relevanssi_hide_content":"","_relevanssi_pin_for_all":"","_relevanssi_pin_keywords":"","_relevanssi_unpin_keywords":"","_relevanssi_related_keywords":"","_relevanssi_related_include_ids":"","_relevanssi_related_exclude_ids":"","_relevanssi_related_no_append":"","_relevanssi_related_not_related":"","_relevanssi_related_posts":"","_relevanssi_noindex_reason":""},"product_brand":[],"product_cat":[203],"product_tag":[],"class_list":{"0":"post-8049","1":"product","2":"type-product","3":"status-publish","4":"has-post-thumbnail","6":"product_cat-media-and-communication-studies-working-paper-media-and-communicationscience","8":"first","9":"outofstock","10":"taxable","11":"shipping-taxable","12":"purchasable","13":"product-type-simple"},"acf":[],"_links":{"self":[{"href":"https:\/\/www.bokshop.lu.se\/en\/wp-json\/wp\/v2\/product\/8049","targetHints":{"allow":["GET"]}}],"collection":[{"href":"https:\/\/www.bokshop.lu.se\/en\/wp-json\/wp\/v2\/product"}],"about":[{"href":"https:\/\/www.bokshop.lu.se\/en\/wp-json\/wp\/v2\/types\/product"}],"wp:featuredmedia":[{"embeddable":true,"href":"https:\/\/www.bokshop.lu.se\/en\/wp-json\/wp\/v2\/media\/8051"}],"wp:attachment":[{"href":"https:\/\/www.bokshop.lu.se\/en\/wp-json\/wp\/v2\/media?parent=8049"}],"wp:term":[{"taxonomy":"product_brand","embeddable":true,"href":"https:\/\/www.bokshop.lu.se\/en\/wp-json\/wp\/v2\/product_brand?post=8049"},{"taxonomy":"product_cat","embeddable":true,"href":"https:\/\/www.bokshop.lu.se\/en\/wp-json\/wp\/v2\/product_cat?post=8049"},{"taxonomy":"product_tag","embeddable":true,"href":"https:\/\/www.bokshop.lu.se\/en\/wp-json\/wp\/v2\/product_tag?post=8049"}],"curies":[{"name":"wp","href":"https:\/\/api.w.org\/{rel}","templated":true}]}}