{"id":7478,"date":"2017-06-06T08:28:16","date_gmt":"2017-06-06T06:28:16","guid":{"rendered":"http:\/\/bokshop.lu.se.webbhotell.ldc.lu.se\/?post_type=product&#038;p=7478&#038;lang=en"},"modified":"2017-06-06T08:28:36","modified_gmt":"2017-06-06T06:28:36","slug":"fran-diversity-management-till-mangfaldsplaner","status":"publish","type":"product","link":"https:\/\/www.bokshop.lu.se\/en\/produkt\/fran-diversity-management-till-mangfaldsplaner\/","title":{"rendered":"Fr\u00e5n diversity management till m\u00e5ngfaldsplaner?"},"content":{"rendered":"<p>Under 1990-talet introduceras m\u00e5ngfaldsid\u00e9n i Sverige. Id\u00e9n, som har v\u00e4xt fram i USA och som behandlar hur organisationer och f\u00f6retag kan dra nytta av att ha en heterogen arbetsstyrka, blir popul\u00e4r. En rad olika akt\u00f6rer intresserar sig f\u00f6r id\u00e9n och arbetar f\u00f6r att sprida och vidareutveckla den i Sverige. N\u00e4r m\u00e5ngfaldsid\u00e9n sprids i Sverige hamnar etnicitetsaspekten i fokus och id\u00e9n ses som ett nytt och anv\u00e4ndbart s\u00e4tt att hantera organisations- och integrationsfr\u00e5gor. Spridningsprocessen visar emellertid p\u00e5 de problem som finns n\u00e4r en id\u00e9 som har sina r\u00f6tter i en best\u00e4md samh\u00e4llskontext f\u00f6rs \u00f6ver till en ny milj\u00f6.<\/p>\n<p>I studien behandlas m\u00e5ngfaldsid\u00e9ns spridning i Sverige p\u00e5 tv\u00e5 olika niv\u00e5er. Den f\u00f6rsta delstudien unders\u00f6ker hur id\u00e9n introduceras, sprids och modifieras p\u00e5 nationell niv\u00e5 under 1990-talet. I den andra delstudien unders\u00f6ks den kommunala organisationen Malm\u00f6 stads arbete med att sprida och implementera m\u00e5ngfaldsid\u00e9n i den egna verksamheten.<\/p>\n","protected":false},"excerpt":{"rendered":"<p>Under 1990-talet introduceras m\u00e5ngfaldsid\u00e9n i Sverige. Id\u00e9n, som har v\u00e4xt fram i USA och som behandlar hur organisationer och f\u00f6retag kan dra nytta av att ha en heterogen arbetsstyrka, blir popul\u00e4r. En rad olika akt\u00f6rer intresserar sig f\u00f6r id\u00e9n och arbetar f\u00f6r att sprida och vidareutveckla den i Sverige. N\u00e4r m\u00e5ngfaldsid\u00e9n sprids i Sverige hamnar [&hellip;]<\/p>\n","protected":false},"featured_media":7480,"template":"","meta":{"_acf_changed":false,"_relevanssi_hide_post":"","_relevanssi_hide_content":"","_relevanssi_pin_for_all":"","_relevanssi_pin_keywords":"","_relevanssi_unpin_keywords":"","_relevanssi_related_keywords":"","_relevanssi_related_include_ids":"","_relevanssi_related_exclude_ids":"","_relevanssi_related_no_append":"","_relevanssi_related_not_related":"","_relevanssi_related_posts":"","_relevanssi_noindex_reason":""},"product_brand":[],"product_cat":[113],"product_tag":[],"class_list":{"0":"post-7478","1":"product","2":"type-product","3":"status-publish","4":"has-post-thumbnail","6":"product_cat-lund-studies-in-economic-history-economic-history","8":"first","9":"instock","10":"taxable","11":"shipping-taxable","12":"purchasable","13":"product-type-simple"},"acf":[],"_links":{"self":[{"href":"https:\/\/www.bokshop.lu.se\/en\/wp-json\/wp\/v2\/product\/7478","targetHints":{"allow":["GET"]}}],"collection":[{"href":"https:\/\/www.bokshop.lu.se\/en\/wp-json\/wp\/v2\/product"}],"about":[{"href":"https:\/\/www.bokshop.lu.se\/en\/wp-json\/wp\/v2\/types\/product"}],"wp:featuredmedia":[{"embeddable":true,"href":"https:\/\/www.bokshop.lu.se\/en\/wp-json\/wp\/v2\/media\/7480"}],"wp:attachment":[{"href":"https:\/\/www.bokshop.lu.se\/en\/wp-json\/wp\/v2\/media?parent=7478"}],"wp:term":[{"taxonomy":"product_brand","embeddable":true,"href":"https:\/\/www.bokshop.lu.se\/en\/wp-json\/wp\/v2\/product_brand?post=7478"},{"taxonomy":"product_cat","embeddable":true,"href":"https:\/\/www.bokshop.lu.se\/en\/wp-json\/wp\/v2\/product_cat?post=7478"},{"taxonomy":"product_tag","embeddable":true,"href":"https:\/\/www.bokshop.lu.se\/en\/wp-json\/wp\/v2\/product_tag?post=7478"}],"curies":[{"name":"wp","href":"https:\/\/api.w.org\/{rel}","templated":true}]}}