{"id":1978,"date":"2018-03-19T09:29:15","date_gmt":"2014-12-09T13:16:11","guid":{"rendered":"http:\/\/bokshop.lu.se.webbhotell.ldc.lu.se\/shop\/vid-gransen-2\/"},"modified":"2023-01-18T11:28:42","modified_gmt":"2023-01-18T10:28:42","slug":"vid-gransen","status":"publish","type":"product","link":"https:\/\/www.bokshop.lu.se\/en\/produkt\/vid-gransen\/","title":{"rendered":"Vid gr\u00e4nsen"},"content":{"rendered":"<p>Gr\u00e4nser kan se knivskarpa och entydiga ut p\u00e5 historiska kartor. Men hur fungerade de i praktiken? Hur uppfattade man gr\u00e4nser och vilken betydelse hade de i m\u00e4nniskornas vardag? Det \u00e4r f\u00f6rst nyligen som historiker har b\u00f6rjat st\u00e4lla s\u00e5dana fr\u00e5gor, och i denna bok diskuterar sexton forskare fr\u00e5n sex l\u00e4nder politiska, kulturella och etniska gr\u00e4nser f\u00f6re nationalstatens tid.<br \/>\nDet gamla Danmark-Norge st\u00e5r i centrum, men svenska och brittiska exempel ger relief. Det danska v\u00e4ldet hade m\u00e5nga gr\u00e4nser och gr\u00e4nsomr\u00e5den, b\u00e5de inom sig och mot andra stater, och ibland drogs nya gr\u00e4nser. Med detta som utg\u00e5ngspunkt analyseras b\u00e5de teoretiska och mer konkreta aspekter p\u00e5 gr\u00e4nser. Det handlar till exempel om de danska provinser som Sverige tog p\u00e5 1600-talet, om J\u00e4mtlands st\u00e4llning inom den dansk-norska staten, om relationen mellan isl\u00e4ndsk identitet och dansk patriotism p\u00e5 1700-talet, om de komplicerade spr\u00e5kliga och politiska f\u00f6rh\u00e5llandena i det dansk-tyska gr\u00e4nslandet och om gr\u00e4lande allmogekvinnor vid den norsk-svenska gr\u00e4nsen.<br \/>\nResultatet blir att f\u00f6rest\u00e4llningen om Gr\u00e4nsen med stort G f\u00e5r ge vika f\u00f6r ett mer dynamiskt gr\u00e4nsbegrepp. \u00bbAlla gr\u00e4nser \u00e4r olika och deras karakt\u00e4r \u00e4ndras \u00f6ver tid\u00ab, som det heter i ett bidrag. Vi b\u00f6r t\u00e4nka i breda gr\u00e4nszoner, d\u00e4r centralmaktens olika behov och lokalsamh\u00e4llets struktur gav till resultat skiftande p\u00e5verkan p\u00e5 vardagslivet. De spr\u00e5kliga gr\u00e4nserna var inte entydiga och spr\u00e5kdom\u00e4n \u00e4r ett mer tr\u00e4ffande uttryck \u00e4n spr\u00e5kgr\u00e4ns. Gr\u00e4nserna inom staterna kunde vara lika viktiga som de yttre och deras karakt\u00e4r kunde \u00e4ndras utan n\u00e5gra formella gr\u00e4ns\u00e4ndringar. N\u00e4r man kommer n\u00e4rmare de historiska gr\u00e4nserna framst\u00e5r de som suddiga och m\u00e5ngtydiga, \u00f6ppna f\u00f6r att anv\u00e4ndas av m\u00e4nni skor snarare \u00e4n slutna barri\u00e4rer mellan entydiga storheter p\u00e5 kartan.<\/p>\n","protected":false},"excerpt":{"rendered":"<p>Gr\u00e4nser kan se knivskarpa och entydiga ut p\u00e5 historiska kartor. Men hur fungerade de i praktiken? Hur uppfattade man gr\u00e4nser och vilken betydelse hade de i m\u00e4nniskornas vardag? Det \u00e4r f\u00f6rst nyligen som historiker har b\u00f6rjat st\u00e4lla s\u00e5dana fr\u00e5gor, och i denna bok diskuterar sexton forskare fr\u00e5n sex l\u00e4nder politiska, kulturella och etniska gr\u00e4nser f\u00f6re [&hellip;]<\/p>\n","protected":false},"featured_media":1979,"template":"","meta":{"_acf_changed":false,"_relevanssi_hide_post":"","_relevanssi_hide_content":"","_relevanssi_pin_for_all":"","_relevanssi_pin_keywords":"","_relevanssi_unpin_keywords":"","_relevanssi_related_keywords":"","_relevanssi_related_include_ids":"","_relevanssi_related_exclude_ids":"","_relevanssi_related_no_append":"","_relevanssi_related_not_related":"","_relevanssi_related_posts":"","_relevanssi_noindex_reason":""},"product_brand":[],"product_cat":[68],"product_tag":[],"class_list":{"0":"post-1978","1":"product","2":"type-product","3":"status-publish","4":"has-post-thumbnail","6":"product_cat-centrum-for-oresundsstudier-tidigare-centrum-for-danmarksstudier-history-and-archaeology","8":"first","9":"outofstock","10":"taxable","11":"shipping-taxable","12":"purchasable","13":"product-type-simple"},"acf":[],"_links":{"self":[{"href":"https:\/\/www.bokshop.lu.se\/en\/wp-json\/wp\/v2\/product\/1978","targetHints":{"allow":["GET"]}}],"collection":[{"href":"https:\/\/www.bokshop.lu.se\/en\/wp-json\/wp\/v2\/product"}],"about":[{"href":"https:\/\/www.bokshop.lu.se\/en\/wp-json\/wp\/v2\/types\/product"}],"wp:featuredmedia":[{"embeddable":true,"href":"https:\/\/www.bokshop.lu.se\/en\/wp-json\/wp\/v2\/media\/1979"}],"wp:attachment":[{"href":"https:\/\/www.bokshop.lu.se\/en\/wp-json\/wp\/v2\/media?parent=1978"}],"wp:term":[{"taxonomy":"product_brand","embeddable":true,"href":"https:\/\/www.bokshop.lu.se\/en\/wp-json\/wp\/v2\/product_brand?post=1978"},{"taxonomy":"product_cat","embeddable":true,"href":"https:\/\/www.bokshop.lu.se\/en\/wp-json\/wp\/v2\/product_cat?post=1978"},{"taxonomy":"product_tag","embeddable":true,"href":"https:\/\/www.bokshop.lu.se\/en\/wp-json\/wp\/v2\/product_tag?post=1978"}],"curies":[{"name":"wp","href":"https:\/\/api.w.org\/{rel}","templated":true}]}}