{"id":1966,"date":"2018-03-19T10:57:54","date_gmt":"2014-12-09T13:16:15","guid":{"rendered":"http:\/\/bokshop.lu.se.webbhotell.ldc.lu.se\/shop\/kanon-och-kulturarv-2\/"},"modified":"2023-01-18T11:32:56","modified_gmt":"2023-01-18T10:32:56","slug":"kanon-och-kulturarv","status":"publish","type":"product","link":"https:\/\/www.bokshop.lu.se\/en\/produkt\/kanon-och-kulturarv\/","title":{"rendered":"Kanon och kulturarv"},"content":{"rendered":"<p>Kanon och kulturarv har diskuterats intensivt i Danmark och Sverige under de senaste \u00e5ren. I Danmark har regeringens beslut att definiera en dansk kanon v\u00e4ckt stor debatt. I Sverige har diskussionen varit hovsammare samtidigt som ordet kulturarv har ett starkt grepp om museer, kulturmilj\u00f6v\u00e5rd och arkiv.<br \/>\nI Danmark har diskussionen kretsat kring vad som \u00e4r danskt, vem som ska definiera danskheten och vilka konsekvenser det ska till\u00e5tas f\u00e5. I Sverige har debattinl\u00e4ggen handlat om kulturarvens anv\u00e4ndbarhet. F\u00f6rutom i lokal, regional och nationell identitetspolitik har kulturarv kommit till anv\u00e4ndning inom en rad andra omr\u00e5den som h\u00e4lso- och sjukv\u00e5rd, regional- och lokalutveckling, turism och m\u00e5ngkultur.<br \/>\nGemensamt f\u00f6r de danska och svenska erfarenheterna \u00e4r att varken kulturarv eller kanon kan frig\u00f6ras fr\u00e5n politiska aspekter, ett faktum som i olika grad \u00e4r uppenbart i bokens artiklar. Att utse f\u00f6reteelser till kulturarv eller att f\u00f6ra upp dem p\u00e5 en kanonlista \u00e4r att vilja n\u00e5got med dem. Men vad? Och vilka platser, f\u00f6rem\u00e5l och ber\u00e4ttelser utses? P\u00e5 vilka grunder? Och av vem?<br \/>\nI &lt;i&gt;Kanon och kulturarv&lt;\/i&gt; skriver 17 forskare om olika s\u00e4tt att aktivt f\u00f6rh\u00e5lla sig till och anv\u00e4nda det f\u00f6rflutna och vilka konsekvenser det f\u00e5r i olika sammanhang. Landskap, industrianl\u00e4ggningar, europeiska konventioner, musik, minnesparker, propositioner, l\u00e4roplaner, fotbollsplaner och arkeologiska fyndplatser \u00e4r n\u00e5gra av de arenor som unders\u00f6ks.<\/p>\n","protected":false},"excerpt":{"rendered":"<p>Kanon och kulturarv har diskuterats intensivt i Danmark och Sverige under de senaste \u00e5ren. I Danmark har regeringens beslut att definiera en dansk kanon v\u00e4ckt stor debatt. I Sverige har diskussionen varit hovsammare samtidigt som ordet kulturarv har ett starkt grepp om museer, kulturmilj\u00f6v\u00e5rd och arkiv. I Danmark har diskussionen kretsat kring vad som \u00e4r [&hellip;]<\/p>\n","protected":false},"featured_media":1967,"template":"","meta":{"_acf_changed":false,"_relevanssi_hide_post":"","_relevanssi_hide_content":"","_relevanssi_pin_for_all":"","_relevanssi_pin_keywords":"","_relevanssi_unpin_keywords":"","_relevanssi_related_keywords":"","_relevanssi_related_include_ids":"","_relevanssi_related_exclude_ids":"","_relevanssi_related_no_append":"","_relevanssi_related_not_related":"","_relevanssi_related_posts":"","_relevanssi_noindex_reason":""},"product_brand":[],"product_cat":[68],"product_tag":[],"class_list":{"0":"post-1966","1":"product","2":"type-product","3":"status-publish","4":"has-post-thumbnail","6":"product_cat-centrum-for-oresundsstudier-tidigare-centrum-for-danmarksstudier-history-and-archaeology","8":"first","9":"outofstock","10":"taxable","11":"shipping-taxable","12":"purchasable","13":"product-type-simple"},"acf":[],"_links":{"self":[{"href":"https:\/\/www.bokshop.lu.se\/en\/wp-json\/wp\/v2\/product\/1966","targetHints":{"allow":["GET"]}}],"collection":[{"href":"https:\/\/www.bokshop.lu.se\/en\/wp-json\/wp\/v2\/product"}],"about":[{"href":"https:\/\/www.bokshop.lu.se\/en\/wp-json\/wp\/v2\/types\/product"}],"wp:featuredmedia":[{"embeddable":true,"href":"https:\/\/www.bokshop.lu.se\/en\/wp-json\/wp\/v2\/media\/1967"}],"wp:attachment":[{"href":"https:\/\/www.bokshop.lu.se\/en\/wp-json\/wp\/v2\/media?parent=1966"}],"wp:term":[{"taxonomy":"product_brand","embeddable":true,"href":"https:\/\/www.bokshop.lu.se\/en\/wp-json\/wp\/v2\/product_brand?post=1966"},{"taxonomy":"product_cat","embeddable":true,"href":"https:\/\/www.bokshop.lu.se\/en\/wp-json\/wp\/v2\/product_cat?post=1966"},{"taxonomy":"product_tag","embeddable":true,"href":"https:\/\/www.bokshop.lu.se\/en\/wp-json\/wp\/v2\/product_tag?post=1966"}],"curies":[{"name":"wp","href":"https:\/\/api.w.org\/{rel}","templated":true}]}}