{"id":12439,"date":"2026-01-20T14:21:04","date_gmt":"2026-01-20T13:21:04","guid":{"rendered":"https:\/\/www.bokshop.lu.se\/?post_type=product&#038;p=12439"},"modified":"2026-01-20T14:21:04","modified_gmt":"2026-01-20T13:21:04","slug":"ung-och-skuldtyngd","status":"publish","type":"product","link":"https:\/\/www.bokshop.lu.se\/en\/uncategorized\/ung-och-skuldtyngd\/","title":{"rendered":"Ung och skuldtyngd"},"content":{"rendered":"<p>Ung och skuldtyngd ger en djupg\u00e5ende inblick i upplevelsen av att som ung vuxen leva med skulds\u00e4ttningsproblem &#8211; \u00f6verskulds\u00e4ttning &#8211; i dagens moderna konsumtions- och kreditsamh\u00e4lle. Under tv\u00e5 \u00e5rs tid har forskarna genom upprepade etnografiska intervjuer f\u00f6ljt 18 personer mellan 18 och 25 \u00e5r som \u00e4r \u00f6verskuldsatta. Resultaten besvarar fr\u00e5gor som: Hur kommer det sig att unga personer f\u00e5r problem med skulder? Vilka sociala och relationella konsekvenser upplever de unga till f\u00f6ljd av sin skulds\u00e4ttning, och hur p\u00e5verkas deras intr\u00e4de i vuxenlivet?<\/p>\n<p>Det visar sig att v\u00e4garna in i \u00f6verskulds\u00e4ttning kan vara m\u00e5nga, och de handlar l\u00e5ngt ifr\u00e5n alltid om on\u00f6dig \u00f6verkonsumtion eller bristande finansiell kunskap. Psykisk oh\u00e4lsa, missbruk, v\u00e5ldsutsatthet, kriminalitet och \u2013 inte minst \u2013 ekonomisk knapphet \u00e4r andra bakomliggande orsaker. Och f\u00f6r de unga vuxna som hamnat i \u00f6verskulds\u00e4ttning \u00e4r \u00e4ven konsekvenserna m\u00e5nga. De upplever stora begr\u00e4nsningar i sina m\u00f6jligheter att leva sitt liv som \u201dung\u201d, men \u00e4ven i att ta steget vidare in i vuxenlivet. Aspekter av klass, k\u00f6n, etnicitet och funktionshinder f\u00e5r ocks\u00e5 avg\u00f6rande betydelse f\u00f6r hur livet som \u00f6verskuldsatt gestaltar sig.<\/p>\n<p>Denna forskningsrapport v\u00e4nder sig till alla som \u00e4r intresserade av \u00e4mnet \u00f6verskuld-s\u00e4ttning, men framf\u00f6r allt till professionella som jobbar med socialt arbete och tr\u00e4ffar unga (eller andra) som har problem med skulder, och i rapportens sista kapitel diskuteras v\u00e4gar fram\u00e5t f\u00f6r att p\u00e5 ett adekvat s\u00e4tt f\u00f6rebygga \u00f6verskulds\u00e4ttning och st\u00f6tta personer som lever med skulds\u00e4ttningsproblem. Rapporten sammanfattar de empiriska resultaten fr\u00e5n forskningsprojektet Skuldtyngd &#8211; Unga vuxna och skuldens dimensioner som bedrivits i samarbete mellan Lunds universitet och G\u00f6teborgs universitet mellan 2021 och 2025.<\/p>\n<p>Erik Eriksson \u00e4r docent i socialt arbete p\u00e5 Socialh\u00f6gskolan vid Lunds universitet.<\/p>\n<p>Tobias Davidsson \u00e4r universitetslektor p\u00e5 Institutionen f\u00f6r socialt arbete vid G\u00f6teborgs universitet.<\/p>\n","protected":false},"excerpt":{"rendered":"<p>Ung och skuldtyngd ger en djupg\u00e5ende inblick i upplevelsen av att som ung vuxen leva med skulds\u00e4ttningsproblem &#8211; \u00f6verskulds\u00e4ttning &#8211; i dagens moderna konsumtions- och kreditsamh\u00e4lle. Under tv\u00e5 \u00e5rs tid har forskarna genom upprepade etnografiska intervjuer f\u00f6ljt 18 personer mellan 18 och 25 \u00e5r som \u00e4r \u00f6verskuldsatta. Resultaten besvarar fr\u00e5gor som: Hur kommer det sig [&hellip;]<\/p>\n","protected":false},"featured_media":12442,"template":"","meta":{"_acf_changed":false,"_relevanssi_hide_post":"","_relevanssi_hide_content":"","_relevanssi_pin_for_all":"","_relevanssi_pin_keywords":"","_relevanssi_unpin_keywords":"","_relevanssi_related_keywords":"","_relevanssi_related_include_ids":"","_relevanssi_related_exclude_ids":"","_relevanssi_related_no_append":"","_relevanssi_related_not_related":"","_relevanssi_related_posts":"","_relevanssi_noindex_reason":""},"product_brand":[],"product_cat":[417,211],"product_tag":[],"class_list":{"0":"post-12439","1":"product","2":"type-product","3":"status-publish","4":"has-post-thumbnail","6":"product_cat-research-reports-in-social-work","7":"product_cat-school-of-social-work","9":"first","10":"instock","11":"taxable","12":"shipping-taxable","13":"purchasable","14":"product-type-simple"},"acf":[],"_links":{"self":[{"href":"https:\/\/www.bokshop.lu.se\/en\/wp-json\/wp\/v2\/product\/12439","targetHints":{"allow":["GET"]}}],"collection":[{"href":"https:\/\/www.bokshop.lu.se\/en\/wp-json\/wp\/v2\/product"}],"about":[{"href":"https:\/\/www.bokshop.lu.se\/en\/wp-json\/wp\/v2\/types\/product"}],"wp:featuredmedia":[{"embeddable":true,"href":"https:\/\/www.bokshop.lu.se\/en\/wp-json\/wp\/v2\/media\/12442"}],"wp:attachment":[{"href":"https:\/\/www.bokshop.lu.se\/en\/wp-json\/wp\/v2\/media?parent=12439"}],"wp:term":[{"taxonomy":"product_brand","embeddable":true,"href":"https:\/\/www.bokshop.lu.se\/en\/wp-json\/wp\/v2\/product_brand?post=12439"},{"taxonomy":"product_cat","embeddable":true,"href":"https:\/\/www.bokshop.lu.se\/en\/wp-json\/wp\/v2\/product_cat?post=12439"},{"taxonomy":"product_tag","embeddable":true,"href":"https:\/\/www.bokshop.lu.se\/en\/wp-json\/wp\/v2\/product_tag?post=12439"}],"curies":[{"name":"wp","href":"https:\/\/api.w.org\/{rel}","templated":true}]}}