{"id":11575,"date":"2024-05-15T11:38:05","date_gmt":"2024-05-15T09:38:05","guid":{"rendered":"https:\/\/www.bokshop.lu.se\/?post_type=product&#038;p=11575"},"modified":"2024-05-15T11:38:05","modified_gmt":"2024-05-15T09:38:05","slug":"studier-i-svensk-sprakhistoria-16","status":"publish","type":"product","link":"https:\/\/www.bokshop.lu.se\/en\/produkt\/studier-i-svensk-sprakhistoria-16\/","title":{"rendered":"Studier i svensk spr\u00e5khistoria 16"},"content":{"rendered":"<p>Fr\u00e4mmande inflytande p\u00e5 svenska spr\u00e5ket<\/p>\n<p>Konferensen Svenska spr\u00e5kets historia h\u00f6lls f\u00f6r sextonde g\u00e5ngen i Lund<br \/>\ni november 2021. Det var tredje g\u00e5ngen konferensen avh\u00f6lls i Lund. Konferensen hade p.g.a. pandemin blivit uppskjuten inte mindre \u00e4n tv\u00e5 g\u00e5nger, men n\u00e4r den \u00e4ntligen h\u00f6lls var den v\u00e4lbes\u00f6kt av m\u00e5nga konferenshungriga spr\u00e5khistoriker.<\/p>\n<p>Tema f\u00f6r konferensen var Fr\u00e4mmande inflytande p\u00e5 talad och skriven svenska, och f\u00f6r detta syfte hade vi tre plenarf\u00f6redragsh\u00e5llare: Roger Andersson, Charlotta af H\u00e4llstr\u00f6m-Reijonen samt Stefan M\u00e4hl. Dessa talade om latinskt inflytande, spr\u00e5km\u00f6ten i Finland respektive l\u00e5gtyska och l\u00e5gtyskt inflytande p\u00e5 svenskan. Dessa tre f\u00f6redrag inleder denna konferensvolym. Konferensen var emellertid \u00f6ppen \u00e4ven f\u00f6r f\u00f6redrag utanf\u00f6r temat, och sammanlagt h\u00f6lls ett fyrtital sektionsf\u00f6redrag. Som vanligt har flera av f\u00f6redragsh\u00e5llarna valt att inte skicka in ett artikelbidrag, eller i n\u00e5got fall dra tillbaka inskickade bidrag. Kanske \u00e4r denna andel st\u00f6rre denna g\u00e5ng p.g.a. att konferensen fick skjutas upp<br \/>\n1 \u00bd \u00e5r. I denna volym presenteras ut\u00f6ver plenarf\u00f6redragen 15 av sektionsf\u00f6redrag, och de st\u00e5r i bokstavsordning efter plenarf\u00f6redragen.<\/p>\n<p>Konferensen bekostades till st\u00f6rsta delen av Birgit Rausing Language Programme, och denna donation har ocks\u00e5 bekostat merparten av utgivningen av denna bok. N\u00e4r konferensen fick skjutas upp bistod Svenska Akademien beredvilligt med ett bidrag till f\u00f6rdyringarna av konferensen.<\/p>\n<p>Boken har genomg\u00e5tt bed\u00f6mning av bidragen, och redigeringen har ombes\u00f6rjts av Lars-Olof Delsing och Bo-A. Wendt i Lund.<\/p>\n","protected":false},"excerpt":{"rendered":"<p>Fr\u00e4mmande inflytande p\u00e5 svenska spr\u00e5ket Konferensen Svenska spr\u00e5kets historia h\u00f6lls f\u00f6r sextonde g\u00e5ngen i Lund i november 2021. Det var tredje g\u00e5ngen konferensen avh\u00f6lls i Lund. Konferensen hade p.g.a. pandemin blivit uppskjuten inte mindre \u00e4n tv\u00e5 g\u00e5nger, men n\u00e4r den \u00e4ntligen h\u00f6lls var den v\u00e4lbes\u00f6kt av m\u00e5nga konferenshungriga spr\u00e5khistoriker. Tema f\u00f6r konferensen var Fr\u00e4mmande inflytande [&hellip;]<\/p>\n","protected":false},"featured_media":11577,"template":"","meta":{"_acf_changed":false,"_relevanssi_hide_post":"","_relevanssi_hide_content":"","_relevanssi_pin_for_all":"","_relevanssi_pin_keywords":"","_relevanssi_unpin_keywords":"","_relevanssi_related_keywords":"","_relevanssi_related_include_ids":"","_relevanssi_related_exclude_ids":"","_relevanssi_related_no_append":"","_relevanssi_related_not_related":"","_relevanssi_related_posts":"","_relevanssi_noindex_reason":""},"product_brand":[],"product_cat":[391],"product_tag":[],"class_list":{"0":"post-11575","1":"product","2":"type-product","3":"status-publish","4":"has-post-thumbnail","6":"product_cat-uncategorized","8":"first","9":"instock","10":"taxable","11":"shipping-taxable","12":"purchasable","13":"product-type-simple"},"acf":[],"_links":{"self":[{"href":"https:\/\/www.bokshop.lu.se\/en\/wp-json\/wp\/v2\/product\/11575","targetHints":{"allow":["GET"]}}],"collection":[{"href":"https:\/\/www.bokshop.lu.se\/en\/wp-json\/wp\/v2\/product"}],"about":[{"href":"https:\/\/www.bokshop.lu.se\/en\/wp-json\/wp\/v2\/types\/product"}],"wp:featuredmedia":[{"embeddable":true,"href":"https:\/\/www.bokshop.lu.se\/en\/wp-json\/wp\/v2\/media\/11577"}],"wp:attachment":[{"href":"https:\/\/www.bokshop.lu.se\/en\/wp-json\/wp\/v2\/media?parent=11575"}],"wp:term":[{"taxonomy":"product_brand","embeddable":true,"href":"https:\/\/www.bokshop.lu.se\/en\/wp-json\/wp\/v2\/product_brand?post=11575"},{"taxonomy":"product_cat","embeddable":true,"href":"https:\/\/www.bokshop.lu.se\/en\/wp-json\/wp\/v2\/product_cat?post=11575"},{"taxonomy":"product_tag","embeddable":true,"href":"https:\/\/www.bokshop.lu.se\/en\/wp-json\/wp\/v2\/product_tag?post=11575"}],"curies":[{"name":"wp","href":"https:\/\/api.w.org\/{rel}","templated":true}]}}